{"id":4033,"date":"2020-11-15T10:59:13","date_gmt":"2020-11-15T14:59:13","guid":{"rendered":"https:\/\/corporacionute-usach.cl\/wp\/?page_id=4033"},"modified":"2020-11-15T10:59:13","modified_gmt":"2020-11-15T14:59:13","slug":"alejandro-rodriguez-urzua","status":"publish","type":"page","link":"https:\/\/corporacionute-usach.cl\/wp\/memoria\/alejandro-rodriguez-urzua\/","title":{"rendered":"ALEJANDRO RODRIGUEZ URZUA"},"content":{"rendered":"<p><img loading=\"lazy\" class=\"size-medium wp-image-4034 alignleft\" src=\"https:\/\/corporacionute-usach.cl\/wp\/wp-content\/uploads\/2020\/11\/rodriguez-urzua-alejandro-207x300.jpg\" alt=\"\" width=\"207\" height=\"300\" srcset=\"https:\/\/corporacionute-usach.cl\/wp\/wp-content\/uploads\/2020\/11\/rodriguez-urzua-alejandro-207x300.jpg 207w, https:\/\/corporacionute-usach.cl\/wp\/wp-content\/uploads\/2020\/11\/rodriguez-urzua-alejandro.jpg 231w\" sizes=\"(max-width: 207px) 100vw, 207px\" \/>Rut\u00a0\u00a0\u00a0 :\u00a0\u00a0\u00a0\u00a0\u00a0\u00a0\u00a0\u00a0\u00a0\u00a0 2.281.478<br \/>\nF.Nacim.\u00a0\u00a0\u00a0\u00a0\u00a0\u00a0\u00a0 :\u00a0\u00a0\u00a0\u00a0\u00a0\u00a0\u00a0\u00a0\u00a0\u00a0 28-01-27, 49 a\u00f1os a la fecha de la detenci\u00f3n<br \/>\nDomicilio\u00a0\u00a0\u00a0\u00a0\u00a0\u00a0 :\u00a0\u00a0\u00a0\u00a0\u00a0\u00a0\u00a0\u00a0\u00a0\u00a0 Ibiza 5680, Vitacura, Santiago<br \/>\nE.Civil :\u00a0\u00a0\u00a0\u00a0\u00a0\u00a0\u00a0\u00a0\u00a0\u00a0 Casado, 5 hijos<br \/>\nActividad\u00a0\u00a0\u00a0\u00a0\u00a0\u00a0 :\u00a0\u00a0\u00a0\u00a0\u00a0\u00a0\u00a0\u00a0\u00a0\u00a0 Arquitecto<br \/>\nC.Repres.\u00a0\u00a0\u00a0\u00a0\u00a0 :\u00a0\u00a0\u00a0\u00a0\u00a0\u00a0\u00a0\u00a0\u00a0\u00a0 Dirigente del Partido Comunista, Ex Presidente del Colegio de Arquitectos, Ex Vice presidente de CORHABIT, Regidor en Concepci\u00f3n<br \/>\nF.Detenc.\u00a0\u00a0\u00a0\u00a0\u00a0 :\u00a0\u00a0\u00a0\u00a0\u00a0\u00a0\u00a0\u00a0\u00a0\u00a0 27 de julio de 1976<\/p>\n<p>&nbsp;<\/p>\n<p style=\"text-align: justify;\">SITUACION REPRESIVA<\/p>\n<p style=\"text-align: justify;\">Alejandro Rodr\u00edguez Urz\u00faa, casado, 5 hijos, arquitecto, militante del Partido Comunista, el d\u00eda 27 de junio de 1976, sali\u00f3 a las 17:15 horas de su oficina de calle Mallinkrodt 70, en el barrio Bellavista de Santiago, en direcci\u00f3n de la oficina de unos ingenieros, ubicada en Agustinas, entre Estado y San Antonio. El afectado hizo el trayecto en su autom\u00f3vil Chevy, color celeste, modelo del a\u00f1o 70, patente DY-821 de Las Condes. Sin embargo no lleg\u00f3 a la cita mencionada. Tampoco concurri\u00f3 a la Empresa Constructora Musalem, donde deb\u00eda ir m\u00e1s tarde.<\/p>\n<p style=\"text-align: justify;\">Su oficina hab\u00eda sido vigilada desde el 23 de ese mes, por dos sujetos que se movilizaban en un Ford Falcon de color rojo y techo negro.<\/p>\n<p style=\"text-align: justify;\">Su c\u00f3nyuge, Carmen Whipple Ascui, al percatarse de que el afectado no regresaba al hogar como era su costumbre diaria, decidi\u00f3 dirigirse hasta la oficina con el objeto de averiguar qu\u00e9 podr\u00eda haber sucedido. All\u00ed lleg\u00f3 cerca de las 23:30 horas. Al entrar pudo observar que todo el lugar estaba desordenado, con claras evidencias de que hab\u00eda sido registrado minuciosamente, a la vez que encontr\u00f3 destruidos numerosos objetos y muebles. Tambi\u00e9n logr\u00f3 darse cuenta que los responsables del allanamiento hab\u00edan robado cheques, dinero, carpetas, documentos personales y la libreta de tel\u00e9fonos de Alejandro Rodr\u00edguez.<\/p>\n<p style=\"text-align: justify;\">Es necesario mencionar que el d\u00eda 23 del mismo mes fueron secuestrados Clara Canteros Torres y Eduardo Canteros Prado. Este \u00faltimo, junto con tener relaciones partidarias por ser militantes del Partido Comunista, tambi\u00e9n manten\u00edan contactos de car\u00e1cter profesional ya que Canteros Prado era constructor civil y Rodr\u00edguez Urz\u00faa era arquitecto. Adem\u00e1s como se ha se\u00f1alado, desde el mismo d\u00eda en que detuvieron al primero, hubo vigilancia en la oficina del segundo.<\/p>\n<p style=\"text-align: justify;\">Cosultada la secretaria del afectado confirm\u00f3 la salida de \u00e9ste a las 17:15 con los destinos se\u00f1alados, adem\u00e1s indic\u00f3 que ella se retir\u00f3 del lugar cerca de las 19:00 horas sin que nada anormal ocurriera, salvo que los dos sujetos desconocidos preguntaron en la oficina, cerca de las 17:00 horas, por un se\u00f1or Gonz\u00e1lez.<\/p>\n<p style=\"text-align: justify;\">Dichos individuos siguieron vigilando la casa durante los d\u00edas posteriores al secuestro del de la v\u00edctima.<\/p>\n<p style=\"text-align: justify;\">El veh\u00edculo de su propiedad en el que se movilizaba el d\u00eda de la detenci\u00f3n jam\u00e1s fue ubicado.<\/p>\n<p style=\"text-align: justify;\">Unos 15 d\u00edas despu\u00e9s del desaparecimiento de Alejandro Rodr\u00edguez, su esposa fue informada por un vecino, relacionado con personal de Carabineros, que su marido estaba vivo y se encontraba en el Campamento de \u00ab4 Alamos\u00bb. Esta situaci\u00f3n de entrega de informaci\u00f3n se mantuvo hasta junio de 1977, cuando el funcionario de Carabineros quiso informar directamente a Carmen Whipple. De esta manera ella se reuni\u00f3 con el Capit\u00e1n de Carabineros Voltaire Opazo Ib\u00e1\u00f1ez, quien la cit\u00f3 hasta su oficina ubicada en la 6\u00aa Comisar\u00eda de Carabineros. Se entrevistaron y \u00e9l confirm\u00f3 la informaci\u00f3n entregada, incluso se\u00f1al\u00f3 que hab\u00eda visto su auto hasta diciembre de 1976 y que luego no supo nada m\u00e1s ya que desmantelaron el recinto de Cuatro Alamos y trasladaron a las personas. Adem\u00e1s le se\u00f1al\u00f3 que los cargos en contra de su marido no eran tan graves, pero que dado que a\u00fan no hab\u00eda sido liberado \u00e9l la contactar\u00eda con otra persona. Fue as\u00ed como le se\u00f1al\u00f3 que se presentara con el Capit\u00e1n de Carabineros, Rub\u00e9n Aracena Gonz\u00e1lez. Aracena la recibi\u00f3 en el edificio Diego Portales, oficina 1002, el 2 de agosto de 1977. En la reuni\u00f3n el uniformado, en un tenso di\u00e1logo, le comunic\u00f3 que su funci\u00f3n era mantener informado al Presidente de la Rep\u00fablica de todos los antecedentes relativos a detenidos pol\u00edticos, ya que \u00e9l contaba con toda la informaci\u00f3n al respecto. Finalmente le dio a entender que su marido podr\u00eda estar vivo, ya que \u00e9l sab\u00eda incluso cuando un prisionero \u00abdejaba de existir\u00bb. Luego de la entrevista, que dur\u00f3 una hora, la se\u00f1ora Whipple fue donde el Capit\u00e1n Opazo y le solicit\u00f3 que le dijera al Capit\u00e1n Aracena que \u00e9l hab\u00eda visto a su marido en Cuatro Alamos, ante esto \u00e9l se ri\u00f3 y le dijo: \u00abSi \u00e9l lo sabe tan bien como yo, pues a su marido lo vimos juntos, ya que ambos trabaj\u00e1bamos en 4 Alamos\u00bb.<\/p>\n<p style=\"text-align: justify;\">A\u00f1os m\u00e1s tarde, en 1990, su c\u00f3nyuge Carmen Whipple falleci\u00f3 tras una penosa enfermedad.<\/p>\n<p style=\"text-align: justify;\">Hasta la fecha se desconoce la suerte corrida por Alejandro Rodr\u00edguez Urz\u00faa en manos de sus captores.<\/p>\n<p style=\"text-align: justify;\"><strong>GESTIONES JUDICIALES Y\/O ADMINISTRATIVAS <\/strong><\/p>\n<p style=\"text-align: justify;\">El 28 de julio de 1976 se present\u00f3 un Recurso de Amparo en favor de Alejandro Rodr\u00edguez ante la Corte de Apelaciones de Santiago con el rol N\u00ba656-76. El 6 de agosto de 1976, se rechaz\u00f3 el recurso en virtud de lo informado por el Ministro del Interior en el sentido de que el afectado no se encontraba detenido por orden de su secretar\u00eda. Los antecedentes se remitieron al Juzgado del Crimen correspondiente.<\/p>\n<p style=\"text-align: justify;\">El 15 de septiembre de 1976 se present\u00f3 un nuevo Recurso de Amparo, en esta oportunidad ante la Corte Marcial, el que fue rolado con el N\u00ba366-76. Al igual que el anterior, fue rechazado el 7 de octubre de 1976, en base al informe entregado por el Ministerio del Interior en el sentido de que el afectado no se encontraba detenido por orden de esa Secretar\u00eda; de igual modo inform\u00f3 el II Juzgado Militar de Santiago. Por lo tanto se resolvi\u00f3 enviar los antecedentes al 3er. Juzgado del Crimen de Santiago.<\/p>\n<p style=\"text-align: justify;\">El 2 de agosto de 1976 su c\u00f3nyuge present\u00f3 una querella por secuestro y robo con violencia de Alejandro Rodr\u00edguez ante el 3er. Juzgado del Crimen de la Capital, causa rol N\u00ba122.010.<\/p>\n<p style=\"text-align: justify;\">Ante el Tribunal se presentaron distintos documentos de organismos profesionales de car\u00e1cter internacional que hac\u00edan saber al Gobierno de Chile su preocupaci\u00f3n por el desaparecimiento del afectado.<\/p>\n<p style=\"text-align: justify;\">Derivado del Recurso de Amparo ante la Corte de Apelaciones, se inici\u00f3 por Oficio, en el 1er. Juzgado del Crimen, un sumario por presunta desgracia del afectado, causa rol N\u00ba108.609, el 17 de agosto de 1976. Dicha causa fue acumulada a la 122.010 tramitada en el 3er. Juzgado del Crimen.<\/p>\n<p style=\"text-align: justify;\">Adem\u00e1s, por una denuncia presentada por la c\u00f3nyuge del afectado ante la IX Comisar\u00eda de Carabineros el 29 de julio de 1976 (Parte N\u00ba665), se inici\u00f3 en el tercer Juzgado del Crimen de Santiago la causa rol N\u00ba122.329 por presunta desgracia de Alejandro Rodr\u00edguez. Esta causa se inici\u00f3 el 8 de septiembre de 1976. El 26 de octubre se acumul\u00f3 a la causa rol 122.010 del mismo Tribunal.<\/p>\n<p style=\"text-align: justify;\">A fines de noviembre el Juez del Primer Juzgado del Crimen de Santiago quien instru\u00eda la causa N\u00ba7.438-9 por secuestro de Clara Canteros Torres y Eduardo Canteros Prado, solicita tener a la Vista el proceso por secuestro de Alejandro Rodr\u00edguez del 3er. Juzgado.<\/p>\n<p style=\"text-align: justify;\">En junio de 1977 el Ministro del Interior, General de Ej\u00e9rcito Ra\u00fal Benavides, inform\u00f3 al Tribunal que el afectado no hab\u00eda sido detenido por orden de esa Secretar\u00eda, agreg\u00f3 que la Direcci\u00f3n de Inteligencia Nacional comunic\u00f3 que no ten\u00eda antecedentes de la persona que se les consult\u00f3.<\/p>\n<p style=\"text-align: justify;\">Durante ese mismo mes la parte querellante puso en conocimiento del Juez el art\u00edculo de la Revista \u00abQu\u00e9 Pasa\u00bb de agosto de 1976, en el que se se\u00f1ala que un n\u00famero importante de dirigentes del Partido Comunista pasaron a la clandestinidad, entre los mencionados est\u00e1 el nombre de Alejandro Rodr\u00edguez Urz\u00faa. Todos los nombres se\u00f1alados en el mencionado art\u00edculo son de militantes comunistas que fueron detenidos y hechos desaparecer por la DINA y el Comando Conjunto Antisubversivo, durante el a\u00f1o 1976.<\/p>\n<p style=\"text-align: justify;\">En agosto de 1977 se pone en conocimiento del Tribunal que funcionarios de Investigaciones la citaron al Cuartel General para consultarles respecto de una carta enviada por familiares de detenidos desaparecidos al Jefe de la Junta Militar, General Augusto Pinochet Ugarte.<\/p>\n<p style=\"text-align: justify;\">A fines de noviembre de 1977 la Polic\u00eda de Investigaciones env\u00eda al Juez la informaci\u00f3n recogida en la investigaci\u00f3n realizada con el fin de ubicar el paradero del afectado, en el que se se\u00f1ala que las diligencias realizadas no han dado resultado positivo.<\/p>\n<p style=\"text-align: justify;\">El 15 de marzo de 1979 el Director Nacional de la Divisi\u00f3n de Comunicaci\u00f3n Social (DINACOS) envi\u00f3 al juez las declaraciones p\u00fablicas emitidas por esa repartici\u00f3n, en la que se informa de operativos realizados por los servicios de seguridad en los que se descubrieron 32 casas-buz\u00f3n del Partido Comunista y de la detenci\u00f3n del abogado de la Vicar\u00eda de la Solidaridad, Hern\u00e1n Montealegre K., a quien en esa fecha se le vincul\u00f3 a esos hechos.<\/p>\n<p style=\"text-align: justify;\">El 12 de junio de 1979, la tramitaci\u00f3n de la causa contin\u00faa en la Visita Extraordinaria del Ministro de la Corte de Apelaciones Servando Jord\u00e1n L\u00f3pez, el que fuera nombrado para investigar los casos de detenidos desaparecidos en la ciudad de Santiago.<\/p>\n<p style=\"text-align: justify;\">Durante el mes de julio, distintos organismos p\u00fablicos y autoridades informaron al Ministro en Visita no tener antecedentes del afectado.<\/p>\n<p style=\"text-align: justify;\">El 27 de julio de 1979, ante la incredulidad mostrada por el Ministro respecto del motivo pol\u00edtico de la desaparici\u00f3n del afectado, su esposa le comunic\u00f3 la informaci\u00f3n entregada por los Capitanes de Carabineros, respecto de que su marido estaba vivo y en \u00ab4 Alamos\u00bb.<\/p>\n<p style=\"text-align: justify;\">El 16 de agosto comparecen ambos uniformados y niegan toda la informaci\u00f3n entregada por la se\u00f1ora Whipple.<\/p>\n<p style=\"text-align: justify;\">El 21 de septiembre el Ministro Servando Jord\u00e1n declar\u00f3 cerrado el sumario. El 26 del mismo mes se apel\u00f3 la resoluci\u00f3n. Luego de presentar las razones de la apelaci\u00f3n, el 11 de diciembre la Corte de Apelaciones estim\u00f3 que se encontraba incompleta la investigaci\u00f3n de los hechos, por lo que revoc\u00f3 la resoluci\u00f3n y decret\u00f3 una serie de diligencias respecto de citaciones a declarar y oficios a organismos policiales. Sin embargo, una vez cumplidas, el Ministro decret\u00f3 el 8 de marzo de 1980 el cierre del sumario ya que la investigaci\u00f3n, seg\u00fan \u00e9l, se encontraba agotada.<\/p>\n<p style=\"text-align: justify;\">El 28 de noviembre la Corte de Apelaciones confirm\u00f3 la resoluci\u00f3n.<\/p>\n<p style=\"text-align: justify;\">El Ministro Jord\u00e1n resolvi\u00f3 el 16 de julio de 1981 sobreseer temporalmente la causa ya que no se encontraba acreditada la comisi\u00f3n de delito. El 27 de agosto de 1981 la Corte de Apelaciones aprob\u00f3 la resoluci\u00f3n del Ministro en Visita.<\/p>\n<p style=\"text-align: justify;\">Junto a las acciones judiciales, su familia realiz\u00f3 m\u00faltiples acciones administrativas y denuncias a organismos nacionales e internacionales; tambi\u00e9n el Colegio de Arquitectos realiz\u00f3 indagaciones sin haberse logrado establecer la suerte de Alejandro Rodr\u00edguez Urz\u00faa.<\/p>\n<p style=\"text-align: justify;\">Alejandro Rodr\u00edguez \u2013 En busca de la verdad<\/p>\n<p style=\"text-align: justify;\">Publicado en Analisis \u2013 30 Julio 1990<\/p>\n<p style=\"text-align: justify;\">Al cumplirse catorce a\u00f1os de la detenci\u00f3n y desaparici\u00f3n del arquitecto Alejandro Rodr\u00edguez Urz\u00faa, sus hijos hemos querido dar a conocer al pa\u00eds qui\u00e9n era \u00e9l como padre, profesional y pol\u00edtico.<\/p>\n<p style=\"text-align: justify;\">Naci\u00f3 el 28 de enero de 1927 en Santiago. Termin\u00f3 la educaci\u00f3n secundaria el a\u00f1o 1944 con el premio \u00abRosenblitt\u00bb al mejor egresado del Liceo Amun\u00e1tegui. El a\u00f1o 1950 se cas\u00f3 con Carmen Whipple Ascui con la que tuvieron inicialmente tres hijos: Paz Alejandra, Mar\u00eda Soledad y Pablo, actualmente m\u00e9dicos cirujanos. El a\u00f1o 1953 obtuvo su t\u00edtulo de Arquitecto con distinci\u00f3n un\u00e1nime U. de Chile. Profesor de las Escuelas de Arquitectura de las U. de Chile y T\u00e9cnica de Concepcion que contribuy\u00f3 a crear. Arquitecto de la Direcci\u00f3n de Planeamiento del Ministerio de Obras P\u00fablicas y del Departamento de Edificaci\u00f3n de la Facultad de Arquitectura de la Universidad de Chile.<\/p>\n<p style=\"text-align: justify;\">En 1958 se radica junto con su familia en la ciudad de Concepci\u00f3n, naciendo sus otros dos hijos, Gonzalo y Marcelo, actualmente estudiantes de arquitectura.<\/p>\n<p style=\"text-align: justify;\">Director de Obras de Lota y Coronel y Asesor Urbanista de la Municipalidad de Coronel. Delegado del Ministerio de la Vivienda en la provincias de Nuble, Concepci\u00f3n, Arauco y B\u00edo-B\u00edo.<\/p>\n<p style=\"text-align: justify;\">En el plano gremial fue un miembro destacado del Colegio de Arquitectos de la ciudad de Concepci\u00f3n, siendo elegido presidente en el per\u00edodo 66-68 y \u00a0reelegido el 68-70.<\/p>\n<p style=\"text-align: justify;\">Durante su gesti\u00f3n se destac\u00f3 por la fervorosa defensa de las prerrogativas del ejercicio y del prestigio de la profesi\u00f3n de arquitecto y dentro de ella de los intereses de la Regi\u00f3n.<\/p>\n<p style=\"text-align: justify;\">Represent\u00f3 a los arquitectos en numerosos congresos locales y nacionales de la orden. Gestion\u00f3 la creaci\u00f3n de la Escuela de Arquitectura en Concepci\u00f3n, la que hoy es una realidad en la Universidad del B\u00edo B\u00edo.<\/p>\n<p style=\"text-align: justify;\">Su obra arquitect\u00f3nica destaca en todos los rubros: edificios educacionales, institucionales, vivienda social, industrias, hoteles, planos reguladores, residencias particulares, galer\u00edas comerciales.<\/p>\n<p style=\"text-align: justify;\">Ganador de numerosos concursos: Primer Premio Pabellon de Exposici\u00f3n de la Feria de Am\u00e9rica en Mendoza (Argentina), 1953.<\/p>\n<p style=\"text-align: justify;\">Primer Premio Concurso para el Edificio Casa del Profesional en Concepci\u00f3n, 1960.<\/p>\n<p style=\"text-align: justify;\">Primer Premio Concurso para el Edificio Casa del Arte de la Universidad de Concepci\u00f3n, 1962.<\/p>\n<p style=\"text-align: justify;\">Primer Premio Concurso para los Colegios Regionales de la U. de Chile en Temuco, 1963.<\/p>\n<p style=\"text-align: justify;\">Primer Premio Concurso para el Conjunto habitacional de Lota Corvi, l966.<\/p>\n<p style=\"text-align: justify;\">Segundo Premio Concurso Edificio Inacap Concepci\u00f3n, 1967.<\/p>\n<p style=\"text-align: justify;\">Primer Premio Concurso Villa Acero para vivienda racionalizada, Corvi, 1967.<\/p>\n<p style=\"text-align: justify;\">Tercer Premio Concurso para el Edificio Manzana Catedral de Concepci\u00f3n. Con Cormu, 1968.<\/p>\n<p style=\"text-align: justify;\">Diploma de Honor otorgado por el Colegio de Arquitectos de Chile por el proyecto \u00abCasa del Arte\u00bb de la Universidad de Concepci\u00f3n. Obra distinguida en el rubro Educaci\u00f3n.<\/p>\n<p style=\"text-align: justify;\">Colabor\u00f3 activamente en diversas publicaciones relacionadas con su profesi\u00f3n, como son las revistas Construcci\u00f3n, Pro-Arte y Auca.<\/p>\n<p style=\"text-align: justify;\">Particip\u00f3 en Congresos Internacionales de la U.I.A. en 1963 en La Habana, Cuba, y en 1967 en Praga, Checoslovaquia.<\/p>\n<p style=\"text-align: justify;\">Como pol\u00edtico fue un destacado militante del Partido Comunista desde su juventud. Creyo y luch\u00f3 siempre por una sociedad m\u00e1s justa. Fue regidor de la Municipalidad<\/p>\n<p style=\"text-align: justify;\">de Concepci\u00f3n y candidato a diputado. En 1971, a solicitud del Presidente Salvador Allende, se traslad\u00f3 a Santiago para asumir la vicepresidcncia de Corhabit, del Ministerio \u00a0de la Vivienda, cargo que ejerci\u00f3 hasta el Golpe Militar.<\/p>\n<p style=\"text-align: justify;\">Como padre fue un ser ejemplar, nos enriqueci\u00f3 con su amor, su ternura, su inteligencia, su palabra precisa, su risa abierta, su no violencia. Con nuestra madre formaron una uni\u00f3n estable, armoniosa, llena de vida y ternura.<\/p>\n<p style=\"text-align: justify;\">Un d\u00eda, el 27 de julio de 1976, a las 17.15, sali\u00f3 de su oficina profesional ubicada en calle Mallinckrodlt 70, en su autom\u00f3vil particular Chevy Nova patente DY-821 de<\/p>\n<p style=\"text-align: justify;\">Las Condes. Deb\u00eda dirigirse a las oficinas de los ingenieros Carlos Sandor y Enrique Schlessinger para retirar unos planos de c\u00e1lculo, adonde no lleg\u00f3. Hasta hoy ignoramos el paradero y la suerte ocurrida con nuestro padre. De esta forma se sumo los cientos de chilenos detenidos-desaparecidos baj\u00f3 la Dictadura Militar.<\/p>\n<p style=\"text-align: justify;\">Solicitamos a quienes fueron testigos de su secuestro o compartieron lugares de detenci\u00f3n hagan llegar la informaci\u00f3n a la Vicar\u00eda de la Solidaridad.<\/p>\n<p style=\"text-align: justify;\">Nueva Informacion:<\/p>\n<p style=\"text-align: justify;\">YAHOO!\u00a0 &#8211; 21 de Octubre de 2000, 6h53<\/p>\n<p style=\"text-align: justify;\">Asciende a 177 el n\u00famero de querellas contra Pinochet<\/p>\n<p style=\"text-align: justify;\">Las querellas contra el ex dictador Augusto Pinochet llegaron ayer viernes a 177, despu\u00e9s de que abogados de Derechos Humanos presentaran dos nuevas demandas en el Tribunal de Apelaciones de Santiago para determinar su presunta responsabilidad en la desaparicion de dos personas. La primera denuncia se refiere a la ejecuci\u00f3n de M\u00e1ximo Neira Salas, militante del Movimiento de Izquierda Revolucionaria (MIR), que murio a manos de una patrulla de la Armada en octubre de 1973 en el Destacamento de Infanter\u00eda de Marina Fuerte Borgo\u00f1o de Talcahuano, seg\u00fan se\u00f1ala el informe de la comisi\u00f3n Rettig. La segunda demanda es por la desaparicion del arquitecto comunista Alejandro Rodriguez Urz\u00faa, detenido en julio de 1976 y desaparecido desde entonces.<\/p>\n","protected":false},"excerpt":{"rendered":"<p>Rut\u00a0\u00a0\u00a0 :\u00a0\u00a0\u00a0\u00a0\u00a0\u00a0\u00a0\u00a0\u00a0\u00a0 2.281.478 F.Nacim.\u00a0\u00a0\u00a0\u00a0\u00a0\u00a0\u00a0 :\u00a0\u00a0\u00a0\u00a0\u00a0\u00a0\u00a0\u00a0\u00a0\u00a0 28-01-27, 49 a\u00f1os a la fecha de la detenci\u00f3n Domicilio\u00a0\u00a0\u00a0\u00a0\u00a0\u00a0 :\u00a0\u00a0\u00a0\u00a0\u00a0\u00a0\u00a0\u00a0\u00a0\u00a0 Ibiza 5680, Vitacura, Santiago E.Civil :\u00a0\u00a0\u00a0\u00a0\u00a0\u00a0\u00a0\u00a0\u00a0\u00a0 Casado, 5 hijos Actividad\u00a0\u00a0\u00a0\u00a0\u00a0\u00a0 :\u00a0\u00a0\u00a0\u00a0\u00a0\u00a0\u00a0\u00a0\u00a0\u00a0 Arquitecto C.Repres.\u00a0\u00a0\u00a0\u00a0\u00a0 :\u00a0\u00a0\u00a0\u00a0\u00a0\u00a0\u00a0\u00a0\u00a0\u00a0 Dirigente del Partido Comunista, Ex Presidente del Colegio de Arquitectos, Ex Vice presidente de CORHABIT, Regidor en Concepci\u00f3n F.Detenc.\u00a0\u00a0\u00a0\u00a0\u00a0 :\u00a0\u00a0\u00a0\u00a0\u00a0\u00a0\u00a0\u00a0\u00a0\u00a0 27 de julio de 1976 [&hellip;]<\/p>\n","protected":false},"author":3,"featured_media":0,"parent":88,"menu_order":0,"comment_status":"closed","ping_status":"closed","template":"","meta":{"pagelayer_contact_templates":[],"_pagelayer_content":""},"_links":{"self":[{"href":"https:\/\/corporacionute-usach.cl\/wp\/wp-json\/wp\/v2\/pages\/4033"}],"collection":[{"href":"https:\/\/corporacionute-usach.cl\/wp\/wp-json\/wp\/v2\/pages"}],"about":[{"href":"https:\/\/corporacionute-usach.cl\/wp\/wp-json\/wp\/v2\/types\/page"}],"author":[{"embeddable":true,"href":"https:\/\/corporacionute-usach.cl\/wp\/wp-json\/wp\/v2\/users\/3"}],"replies":[{"embeddable":true,"href":"https:\/\/corporacionute-usach.cl\/wp\/wp-json\/wp\/v2\/comments?post=4033"}],"version-history":[{"count":1,"href":"https:\/\/corporacionute-usach.cl\/wp\/wp-json\/wp\/v2\/pages\/4033\/revisions"}],"predecessor-version":[{"id":4035,"href":"https:\/\/corporacionute-usach.cl\/wp\/wp-json\/wp\/v2\/pages\/4033\/revisions\/4035"}],"up":[{"embeddable":true,"href":"https:\/\/corporacionute-usach.cl\/wp\/wp-json\/wp\/v2\/pages\/88"}],"wp:attachment":[{"href":"https:\/\/corporacionute-usach.cl\/wp\/wp-json\/wp\/v2\/media?parent=4033"}],"curies":[{"name":"wp","href":"https:\/\/api.w.org\/{rel}","templated":true}]}}